{"id":2850,"date":"2024-04-17T14:28:17","date_gmt":"2024-04-17T12:28:17","guid":{"rendered":"https:\/\/www.engstfeld-archiv.eu\/der-kuenstler-privat\/dokumente-2-copy\/"},"modified":"2025-01-21T15:06:26","modified_gmt":"2025-01-21T14:06:26","slug":"dokumente-2-copy","status":"publish","type":"page","link":"https:\/\/www.engstfeld-archiv.eu\/fr\/der-kuenstler-privat\/dokumente-2-copy\/","title":{"rendered":"Documents"},"content":{"rendered":"<div class=\"dokument\"><a class=\"dokument-pdf\" href=\"\/wp-content\/uploads\/2016\/04\/1_1861_Mutter-Bild-Sohn.pdf\">1861 La m\u00e8re du peintre sur un tableau de Wilhelm Sohn<\/a><\/div>\n<div class=\"dokument\"><a class=\"dokument-pdf\" href=\"\/wp-content\/uploads\/2020\/12\/2020-11-16_Lorettostr_Vergleich.pdf\">1900 Les maisons Lorettostrasse<\/a><\/div>\n<div class=\"dokument\"><a class=\"dokument-bild\" title=\"deutsche bildschreibung\" href=\"\/wp-content\/uploads\/2016\/04\/3_1898_Milit\u00e4rpa\u00df.jpg\" rel=\"lightbox\"><img decoding=\"async\" src=\"\/wp-content\/uploads\/2016\/04\/Militaerpass_s.jpg\" \/> 1898 Extrait du Passeport Militaire <\/a><\/div>\n<div class=\"dokument\"><a class=\"dokument-pdf\" href=\"\/wp-content\/uploads\/2016\/04\/4_1914-08-10_Flucht-Br\u00fcgge001.jpg\">1914 Lettre de Dreydorff \u00e0 Linnemann du 10-8-1914 d\u00e9crivant la fuite de la Belgique <\/a><\/div>\n<div class=\"dokument\"><a class=\"dokument-pdf\" href=\"\/wp-content\/uploads\/2016\/04\/5_1914-08-10-Flucht-Transkription.pdf\">1914 Transcription de la lettre de Dreydorff<\/a><\/div>\n<div class=\"dokument\"><a class=\"dokument-pdf\" href=\"\/wp-content\/uploads\/2016\/04\/6_1920-08-30-Taufe_Doris.pdf\">1920 Dessin \u00e0 l&#8217;occasion du bapt\u00eame de sa fille Doris<\/a><\/div>\n<div class=\"dokument\"><a class=\"dokument-pdf\" href=\"\/wp-content\/uploads\/2016\/04\/7_Aquarell_Haus-Einsiedel.pdf\">Aquarelle du manoir \u00ab\u00a0Einsiedel\u00a0\u00bb de la famille Flender \u00e0 Dusseldorf<\/a><\/div>\n<div class=\"dokument\"><a class=\"dokument-pdf\" href=\"\/wp-content\/uploads\/2016\/04\/8_zwei_Portraits_des_Vaters.pdf\">Portraits du p\u00e8re<\/a><\/div>\n<div class=\"dokument\"><a class=\"dokument-pdf\" href=\"\/wp-content\/uploads\/2016\/04\/9_1930_ca_Ovalportrait_Ehefrau.pdf\">ca. 1930 Portrait oval de l&#8217; \u00e9pouse<\/a><\/div>\n<div class=\"dokument\"><a class=\"dokument-pdf\" href=\"\/wp-content\/uploads\/2016\/04\/10_1930-Presseartikel.pdf\">1930 Article de presse<\/a><\/div>\n<div class=\"dokument\"><a class=\"dokument-pdf\" href=\"\/wp-content\/uploads\/2016\/04\/11__1932-1933-Presse.pdf\">1932\/1933 Articles de presse <\/a><\/div>\n<div class=\"dokument\"><a class=\"dokument-pdf\" href=\"\/wp-content\/uploads\/2016\/04\/12_1934-12-18_Zeitung.pdf\">1934 Article sur une exposition <\/a><\/div>\n<div class=\"dokument\"><a class=\"dokument-pdf\" href=\"\/wp-content\/uploads\/2016\/04\/13_1936-Presse_60-Jahre.pdf\">1936 Article \u00e0 l&#8217; occasion du 60\u00e8me anniversaire<\/a><\/div>\n<div class=\"dokument\"><a class=\"dokument-pdf\" href=\"\/wp-content\/uploads\/2016\/04\/14_1941_Linnemann-zum-65.pdf\">1941 F\u00e9licitations de son camarade Linnemann<\/a><\/div>\n<div class=\"dokument\"><a class=\"dokument-pdf\" href=\"\/wp-content\/uploads\/2016\/04\/15_1949-07-15-Flender_Apanage.pdf\">1949 Donation de la famille Flender<\/a><\/div>\n<div class=\"dokument\"><a class=\"dokument-pdf\" href=\"\/wp-content\/uploads\/2016\/04\/16_1949_Paul_Baby.pdf\">1949 Dessin de son petit fils <\/a><\/div>\n<div class=\"dokument\"><a class=\"dokument-pdf\" href=\"\/wp-content\/uploads\/2016\/04\/17_1950-06-09-Sozialhilfe-Bescheid.pdf\">1950 D\u00e9cision Communale pour une aide sociale<\/a><\/div>\n<div class=\"dokument\"><a class=\"dokument-pdf\" href=\"\/wp-content\/uploads\/2016\/04\/18_1951-04-Zeitung_DN.pdf\">1951 Article de presse \u00e0 l&#8217; occasion du 75\u00e8me anniversaire<\/a><\/div>\n<div class=\"dokument\"><a class=\"dokument-pdf\" href=\"\/wp-content\/uploads\/2016\/04\/19_1951-Gl\u00fcckwunsch_Stadt-Hilden.pdf\">1951 F\u00e9licitations de la Ville de Hilden<\/a><\/div>\n<div class=\"dokument\"><a class=\"dokument-pdf\" href=\"\/wp-content\/uploads\/2016\/04\/20_1951-09-07-Gurlitt_Schreiben.pdf\">1951 F\u00e9licitations de Hildebrand Gurlitt au nom de l&#8217;Association des Artistes de Dusseldorf<\/a><\/div>\n<div class=\"dokument\"><a class=\"dokument-pdf\" href=\"\/wp-content\/uploads\/2016\/04\/21_1951_Alb.-Engstfeld-75-Hildener-Ztg..pdf\">1951 Article de presse \u00e0 l&#8217; occasion du 75\u00e8me anniversaire<\/a><\/div>\n<div class=\"dokument\"><a class=\"dokument-pdf\" href=\"\/wp-content\/uploads\/2016\/04\/22_1956-04-20-Todesanzeige.pdf\">1956 Avis de d\u00e9c\u00e8s<\/a><\/div>\n<div class=\"dokument\"><a class=\"dokument-pdf\" href=\"\/wp-content\/uploads\/2016\/04\/23_1956-04-21-Nachruf_RP.pdf\">1956 Article n\u00e9crologique du journal local<\/a><\/div>\n<div class=\"dokument\"><a class=\"dokument-pdf\" href=\"\/wp-content\/uploads\/2016\/04\/24_1956-04-26-Kondolenz_Kunstverein.pdf\">1956 Lettre de condol\u00e9ances de l&#8217; Association des Artistes de Dusseldorf<\/a><\/div>\n<div class=\"dokument\"><a class=\"dokument-pdf\" href=\"\/wp-content\/uploads\/2016\/04\/25_1956-04-25-Nachruf_A.F.Flender.pdf\">1956 Lettre de condol\u00e9ances d&#8217; Alfred Friedrich Flender jun.<\/a><\/div>\n<div class=\"dokument\"><a class=\"dokument-pdf\" href=\"\/wp-content\/uploads\/2016\/04\/26_1958-12-11-Presse_RP_posthum.pdf\">1958 Article au journal local<\/a><\/div>\n<div class=\"dokument\"><a class=\"dokument-pdf\" href=\"\/wp-content\/uploads\/2016\/04\/27_1965-11-11-Presse_RP_Ausstellung.pdf\">1965 Article au journal local \u00e0 l&#8217;occasion d&#8217;une petite r\u00e9trospective<\/a><\/div>\n","protected":false},"excerpt":{"rendered":"<p>1861 La m\u00e8re du peintre sur un tableau de Wilhelm Sohn 1900 Les maisons Lorettostrasse 1898 Extrait du Passeport Militaire 1914 Lettre de Dreydorff \u00e0 Linnemann du 10-8-1914 d\u00e9crivant la fuite de la Belgique 1914 Transcription de la lettre de Dreydorff 1920 Dessin \u00e0 l&#8217;occasion du bapt\u00eame de sa fille Doris Aquarelle du manoir \u00ab\u00a0Einsiedel\u00a0\u00bb [&hellip;]<\/p>\n","protected":false},"author":1,"featured_media":0,"parent":13,"menu_order":2,"comment_status":"closed","ping_status":"closed","template":"page-dokumente.php","meta":{"_acf_changed":false,"footnotes":""},"class_list":["post-2850","page","type-page","status-publish","hentry"],"translation":{"provider":"WPGlobus","version":"3.0.2","language":"fr","enabled_languages":["de","fr","nl"],"languages":{"de":{"title":true,"content":true,"excerpt":false},"fr":{"title":true,"content":true,"excerpt":false},"nl":{"title":true,"content":true,"excerpt":false}}},"acf":[],"_links":{"self":[{"href":"https:\/\/www.engstfeld-archiv.eu\/fr\/wp-json\/wp\/v2\/pages\/2850","targetHints":{"allow":["GET"]}}],"collection":[{"href":"https:\/\/www.engstfeld-archiv.eu\/fr\/wp-json\/wp\/v2\/pages"}],"about":[{"href":"https:\/\/www.engstfeld-archiv.eu\/fr\/wp-json\/wp\/v2\/types\/page"}],"author":[{"embeddable":true,"href":"https:\/\/www.engstfeld-archiv.eu\/fr\/wp-json\/wp\/v2\/users\/1"}],"replies":[{"embeddable":true,"href":"https:\/\/www.engstfeld-archiv.eu\/fr\/wp-json\/wp\/v2\/comments?post=2850"}],"version-history":[{"count":2,"href":"https:\/\/www.engstfeld-archiv.eu\/fr\/wp-json\/wp\/v2\/pages\/2850\/revisions"}],"predecessor-version":[{"id":2874,"href":"https:\/\/www.engstfeld-archiv.eu\/fr\/wp-json\/wp\/v2\/pages\/2850\/revisions\/2874"}],"up":[{"embeddable":true,"href":"https:\/\/www.engstfeld-archiv.eu\/fr\/wp-json\/wp\/v2\/pages\/13"}],"wp:attachment":[{"href":"https:\/\/www.engstfeld-archiv.eu\/fr\/wp-json\/wp\/v2\/media?parent=2850"}],"curies":[{"name":"wp","href":"https:\/\/api.w.org\/{rel}","templated":true}]}}